{"id":169,"date":"2020-02-22T11:30:02","date_gmt":"2020-02-22T11:30:02","guid":{"rendered":"https:\/\/www.balarisimontessori.com\/?page_id=169"},"modified":"2020-02-22T11:30:07","modified_gmt":"2020-02-22T11:30:07","slug":"vizyonumuz","status":"publish","type":"page","link":"https:\/\/www.balarisimontessori.com\/index.php\/biz-kimiz\/vizyonumuz\/","title":{"rendered":"Vizyonumuz"},"content":{"rendered":"<ul>\n<li>\u00c7ocuklar\u0131m\u0131z\u0131n\u00a0 potansiyellerini en \u00fcst seviyeye \u00e7\u0131karmay\u0131 sa\u011flamak,<\/li>\n<li>Maria Montessori\u2019nin kurmu\u015f oldu\u011fu sistemi; s\u00fcrekli ara\u015ft\u0131rarak, kendi i\u00e7inde yeni materyaller \u00fcreterek, s\u00fcrekli e\u011fitim felsefesiyle kendini geli\u015ftirerek bu sistemin daha \u00e7ok \u00e7ocu\u011fa ula\u015fmas\u0131n\u0131 sa\u011flamak,<\/li>\n<li>\u00d6\u011fretmenlerin geli\u015fimlerini \u00f6n planda tutarak her t\u00fcrl\u00fc kaynak eri\u015fimine olanak sa\u011flay\u0131p, hizmet i\u00e7i\/d\u0131\u015f\u0131 e\u011fitimlerle desteklemek,<\/li>\n<li>Ebeveynlere, \u00e7ocuklar\u0131n\u0131n geli\u015fimiyle ilgili d\u00fczenli bilgi aktar\u0131p, aile kat\u0131l\u0131m\u0131n\u0131 desteklemek,<\/li>\n<li>\u201cYenilik\u00e7i, geli\u015fimi destekleyici, lider bir anaokulu\u201d olma hedefiyle hareket eder.<\/li>\n<\/ul>\n","protected":false},"excerpt":{"rendered":"<p>\u00c7ocuklar\u0131m\u0131z\u0131n\u00a0 potansiyellerini en \u00fcst seviyeye \u00e7\u0131karmay\u0131 sa\u011flamak, Maria Montessori\u2019nin kurmu\u015f oldu\u011fu sistemi; s\u00fcrekli ara\u015ft\u0131rarak, kendi i\u00e7inde yeni materyaller \u00fcreterek, s\u00fcrekli e\u011fitim felsefesiyle kendini geli\u015ftirerek bu sistemin daha \u00e7ok \u00e7ocu\u011fa ula\u015fmas\u0131n\u0131 sa\u011flamak, \u00d6\u011fretmenlerin geli\u015fimlerini \u00f6n planda tutarak her t\u00fcrl\u00fc kaynak eri\u015fimine olanak sa\u011flay\u0131p, hizmet i\u00e7i\/d\u0131\u015f\u0131 e\u011fitimlerle desteklemek, Ebeveynlere, \u00e7ocuklar\u0131n\u0131n geli\u015fimiyle ilgili d\u00fczenli bilgi aktar\u0131p, aile kat\u0131l\u0131m\u0131n\u0131<\/p>\n","protected":false},"author":1,"featured_media":0,"parent":14,"menu_order":0,"comment_status":"closed","ping_status":"closed","template":"","meta":[],"_links":{"self":[{"href":"https:\/\/www.balarisimontessori.com\/index.php\/wp-json\/wp\/v2\/pages\/169"}],"collection":[{"href":"https:\/\/www.balarisimontessori.com\/index.php\/wp-json\/wp\/v2\/pages"}],"about":[{"href":"https:\/\/www.balarisimontessori.com\/index.php\/wp-json\/wp\/v2\/types\/page"}],"author":[{"embeddable":true,"href":"https:\/\/www.balarisimontessori.com\/index.php\/wp-json\/wp\/v2\/users\/1"}],"replies":[{"embeddable":true,"href":"https:\/\/www.balarisimontessori.com\/index.php\/wp-json\/wp\/v2\/comments?post=169"}],"version-history":[{"count":1,"href":"https:\/\/www.balarisimontessori.com\/index.php\/wp-json\/wp\/v2\/pages\/169\/revisions"}],"predecessor-version":[{"id":170,"href":"https:\/\/www.balarisimontessori.com\/index.php\/wp-json\/wp\/v2\/pages\/169\/revisions\/170"}],"up":[{"embeddable":true,"href":"https:\/\/www.balarisimontessori.com\/index.php\/wp-json\/wp\/v2\/pages\/14"}],"wp:attachment":[{"href":"https:\/\/www.balarisimontessori.com\/index.php\/wp-json\/wp\/v2\/media?parent=169"}],"curies":[{"name":"wp","href":"https:\/\/api.w.org\/{rel}","templated":true}]}}